{"id":1075,"date":"2023-08-07T14:12:59","date_gmt":"2023-08-07T12:12:59","guid":{"rendered":"https:\/\/roadtrip.mutuelledesmotards.fr\/carnets-de-voyages-de-ptiluc\/?page_id=1075"},"modified":"2023-08-16T14:25:06","modified_gmt":"2023-08-16T12:25:06","slug":"note-de-ptiluc","status":"publish","type":"page","link":"https:\/\/roadtrip.mutuelledesmotards.fr\/carnets-de-voyages-de-ptiluc\/note-de-ptiluc\/","title":{"rendered":"Note de ptiluc"},"content":{"rendered":"\n<blockquote class=\"wp-block-quote is-layout-flow wp-block-quote-is-layout-flow\">\n<p>Le si\u00e8cle n\u2019est plus le m\u00eame. Sans dec, lecteur, t\u2019avais pas remarqu\u00e9 ?<\/p>\n\n\n\n<p>Que s\u2019est-il pass\u00e9 pour qu\u2019on se mette \u00e0 devoir reconsid\u00e9rer tout ce qu\u2019on a connu, tout ce qu\u2019on a cru \u00e9ternel, comme des fac\u00e9ties r\u00e9volues d\u2019un autre si\u00e8cle ?<\/p>\n\n\n\n<p>Le vingti\u00e8me ; toute une \u00e9poque\u2026 celle d\u2019avant le onze septembre, qui d\u00e8s la premi\u00e8re ann\u00e9e du nouveau mill\u00e9naire a boulevers\u00e9 toute la conception g\u00e9opolitique de notre plan\u00e8te. Celle d\u2019avant l\u2019arriv\u00e9e massive d\u2019 Internet qui d\u00e8s la m\u00eame \u00e9poque a chamboul\u00e9 la totalit\u00e9 des fa\u00e7ons d\u2019appr\u00e9hender le monde. Tous se sont mis \u00e0 croire qu\u2019ils l\u2019avaient \u00e0 port\u00e9e d\u2019\u00e9cran, ce monde, en s\u2019y projetant aux quatre coins, paroxysme de la mise en sc\u00e8ne de soi, un \u00ab soi \u00bb devenu le centre de l\u2019univers, chacun se d\u00e9battant pour y avoir une \u00e9ph\u00e9m\u00e8re premi\u00e8re place \u00e0 coups de clics d\u00e9risoires\u2026 Vois-tu, lecteur, avant ce repli sur la parano\u00efa internationale et cette acc\u00e9l\u00e9ration vertigineuse de la communication et du nombrilisme, il existait une autre \u00e9poque\u2026<\/p>\n\n\n\n<p>Avant, c\u2019\u00e9tait le vingti\u00e8me si\u00e8cle, la fin de la colonisation n\u2019\u00e9tait pas loin ainsi que les r\u00e9cits des grands explorateurs qui, d\u00e8s le dix-neuvi\u00e8me, avaient tant mythifi\u00e9 les contr\u00e9es inconnues et les aventuriers t\u00e9m\u00e9raires. C\u2019est un m\u00e9lange de ces souvenirs-l\u00e0, saupoudr\u00e9s d\u2019un peu de piment des ann\u00e9es hippies qui amen\u00e8rent \u00e0 port\u00e9e de pouce cette nouvelle id\u00e9e qu\u2019on pouvait traverser la plan\u00e8te en auto-stop avec quelques dollars en poche. Il n\u2019\u00e9tait plus question de tour du monde en quatre vingt jours mais de partir, sans d\u00e9lais et surtout sans horaires, pour une errance r\u00eaveuse vers des paradis fantasm\u00e9s.<\/p>\n\n\n\n<p>Katmandou, Goa ; Gao, Tombouctou\u2026<\/p>\n\n\n\n<p>Les objets mythiques et indispensables n\u2019avaient pas d\u2019\u00e9crans tactiles ; on tentait de se procurer la carte Michelin 153, \u00e9puis\u00e9e, interdite \u00e0 la vente pour cause de querelles frontali\u00e8res et refil\u00e9e sous le manteau comme un parchemin magique\u2026une carte au tr\u00e9sor&#8230; On y trouvait, d\u00e9taill\u00e9es au kilom\u00e8tre pr\u00e8s, les pistes du Sahara avec les points d\u2019eau et les zones sableuses ; on scrutait le tableau d\u2019affichage du coffieshop d\u2019Istanbul o\u00f9 s\u2019affichaient les petites annonces de places disponibles pour Kaboul et Peshawar par la passe de Kiber\u2026<\/p>\n\n\n\n<p>Alors on partait avec un sac \u00e0 dos, en stop, en deuche ou sur une vieille B\u00e9h\u00e8me et on ne donnait pas de nouvelles pendant des mois, on \u00e9tait en voyage, c\u2019\u00e9tait la r\u00e8gle ; on partait et on courrait le risque de se faire oublier. Le bout du monde \u00e9tait loin, il fallait le m\u00e9riter.<\/p>\n\n\n\n<p>Pouvoir communiquer presque \u00e0 chaque instant de l\u2019autre bout de la terre a transfigur\u00e9 ce qui fut pendant des si\u00e8cles l\u2019essence du voyage : risquer de se faire oublier.<\/p>\n\n\n\n<p>Les nouvelles technologies nous font croire les voyages plus simples uniquement par ce leurre de la communication permanente. Pourtant, on oublie qu\u2019il y a quelques d\u00e9cennies ou pouvait parcourir les continents sans visas et que m\u00eame si les routes \u00e9taient rarement goudronn\u00e9es, les liaisons t\u00e9l\u00e9phoniques bien al\u00e9atoires et les services postaux pas franchement performants, on y allait sans date de retour en acceptant de partir aux fronti\u00e8res de l\u2019oubli.<\/p>\n\n\n\n<p>Heureusement pour moi, j\u2019ai connu un fragment de cette p\u00e9riode, j\u2019ai suivi la piste de mes ain\u00e9s tant admir\u00e9s, bien avant la quatreG, en envoyant une lettre par mois sans savoir quand elle arriverait \u00e0 destination, en passant des jours aux fronti\u00e8res sans aucune inqui\u00e9tude ; sans date de retour, on n\u2019est jamais inquiet. Je prenais le temps de gribouiller des petits cahiers de notes et de croquis, de noircir mes cartes des routes trac\u00e9es dans la journ\u00e9e, juste pour moi, pour le souvenir, pour les vieux jours.<\/p>\n\n\n\n<p>Et puis Internet est arriv\u00e9 et bien s\u00fbr, comme tout le monde, trop content de pouvoir communiquer si vite, je suis tomb\u00e9 dedans\u2026<\/p>\n\n\n\n<p>D\u2019abord pour les proches, puis pour les lecteurs, puis pour qui voulait bien me suivre, je me suis fait pi\u00e9ger par le narcissisme nomade, j\u2019ai communiqu\u00e9 au jour le jour.<\/p>\n\n\n\n<p>Je me suis mis, en \u00e9change d\u2019une aide pr\u00e9cieuse, il faut bien l\u2019avouer, \u00e0 chroniquer au quotidien, \u00e0 traquer la connexion \u00e0 chaque \u00e9tape.<\/p>\n\n\n\n<p>La chasse au sponsor est devenue la premi\u00e8re \u00e9tape de la plupart des nouveaux apprentis voyageurs au long cours. Je suppose que tout a commenc\u00e9 avec ces grands rallyes africains qui nous ont tous fait r\u00eaver avant qu\u2019ils ne deviennent, eux aussi, une anomalie d\u2019un autre si\u00e8cle.<\/p>\n\n\n\n<p>Mais c\u2019est \u00e0 ce moment-l\u00e0 que tout voyageur s\u2019est mis \u00e0 traquer le partenariat alors que vingt ans plus t\u00f4t, il serait parti un beau matin sans m\u00eame avoir fait la vidange du combiVW\u2026 J\u2019ai tent\u00e9 le coup moi aussi, trop jaloux de voir quelques stars hollywoodiennes ou fils de nabab de presse, mettre en sc\u00e8ne leur voyage lointain en solitaire mais pas tant que \u00e7a ; fallait bien que suive l\u2019\u00e9quipe de com\u2026 J\u2019ai mis du temps avant de comprendre compl\u00e8tement que le vrai voyage, comme le disait G\u00e9rard Manset, se fait toujours en solitaire, mais quand j\u2019exposais mes projets aux partenaires \u00e9ventuels, ils trouvaient presque \u00e0 chaque fois que \u00e7a manquait de cadre !<\/p>\n\n\n\n<p>J\u2019ai donc pu, gr\u00e2ce \u00e0 quelques-uns qui gardaient la nostalgie d\u2019une autre \u00e9poque, glaner quelques \u00e9quipements et quelques pi\u00e8ces d\u00e9tach\u00e9es. Un peu BM et puis Touratech \u2026 Motomagazine, qui faisait l\u2019intendance, a commenc\u00e9 \u00e0 h\u00e9berger mes r\u00e9cits et puis, un jour, sans rien dire \u00e0 ne plus le faire. Ce n\u2019est pas vraiment leur faute, leur site croulait sous le poids de blogs inutiles, plomb\u00e9s de fautes d\u2019orthographe et ils ont profit\u00e9s d\u2019un changement de syst\u00e8me de gestion de contenus pour faire un gros m\u00e9nage ; \u00e9gar\u00e9s au milieu de tout \u00e7a, mes r\u00e9cits sont partis \u00e0 la poubelle.<\/p>\n\n\n\n<p>D\u00e9sesp\u00e9r\u00e9 par la disparition de ce que je croyais \u00eatre une sauvegarde \u00e9ternelle au nom de la solidarit\u00e9 l\u00e9gendaires des motards, je me suis mis \u00e0 tenter de rassembler ce qu\u2019il me restait, \u00e0 me demander si la disparition de tout \u00e7a n\u2019\u00e9tait pas dans l\u2019ordre des choses ; qu\u2019il fallait laisser aux souvenirs la place qui leur appartenait.<\/p>\n\n\n\n<p>Et puis voil\u00e0, la Mutuelle des Motards m\u2019a propos\u00e9 d\u2019h\u00e9berger tout ce que je pourrais r\u00e9cup\u00e9rer de mes bribes de r\u00e9cits, de mes chroniques anciennes, des premi\u00e8res histoires toujours assoupies dans des cahiers d\u2019\u00e9coliers ou des carnets \u00e0 spirales encore saupoudr\u00e9s de sable du d\u00e9sert.<\/p>\n\n\n\n<p>Petit \u00e0 petit, pas \u00e0 pas, je vais reconstituer ma vie de voyageur avant de me reposer sous un vieux ch\u00eane\u2026<\/p>\n\n\n\n<p>Ou de repartir loin\u2026<\/p>\n\n\n\n<p>Car je r\u00eave toujours que je n\u2019ai pas dit mon dernier mot ni parcouru mon dernier kilom\u00e8tre\u2026<\/p>\n\n\n\n<p>R\u00eave d\u2019un autre si\u00e8cle\u2026<\/p>\n<\/blockquote>\n","protected":false},"excerpt":{"rendered":"<p>Le si\u00e8cle n\u2019est plus le m\u00eame. Sans dec, lecteur, t\u2019avais pas remarqu\u00e9 ? Que s\u2019est-il pass\u00e9 pour qu\u2019on se mette \u00e0 devoir reconsid\u00e9rer tout ce qu\u2019on a connu, tout ce qu\u2019on a cru \u00e9ternel, comme des fac\u00e9ties r\u00e9volues d\u2019un autre si\u00e8cle ? Le vingti\u00e8me ; toute une \u00e9poque\u2026 celle d\u2019avant le onze septembre, qui d\u00e8s [&hellip;]<\/p>\n","protected":false},"author":1,"featured_media":0,"parent":0,"menu_order":0,"comment_status":"closed","ping_status":"closed","template":"","meta":{"footnotes":""},"class_list":["post-1075","page","type-page","status-publish","hentry"],"yoast_head":"<!-- This site is optimized with the Yoast SEO plugin v24.2 - https:\/\/yoast.com\/wordpress\/plugins\/seo\/ -->\n<title>Note de ptiluc - Carnets de voyages de Ptiluc<\/title>\n<meta name=\"robots\" content=\"index, follow, max-snippet:-1, max-image-preview:large, max-video-preview:-1\" \/>\n<link rel=\"canonical\" href=\"https:\/\/roadtrip.mutuelledesmotards.fr\/carnets-de-voyages-de-ptiluc\/note-de-ptiluc\/\" \/>\n<meta property=\"og:locale\" content=\"fr_FR\" \/>\n<meta property=\"og:type\" content=\"article\" \/>\n<meta property=\"og:title\" content=\"Note de ptiluc - Carnets de voyages de Ptiluc\" \/>\n<meta property=\"og:description\" content=\"Le si\u00e8cle n\u2019est plus le m\u00eame. Sans dec, lecteur, t\u2019avais pas remarqu\u00e9 ? Que s\u2019est-il pass\u00e9 pour qu\u2019on se mette \u00e0 devoir reconsid\u00e9rer tout ce qu\u2019on a connu, tout ce qu\u2019on a cru \u00e9ternel, comme des fac\u00e9ties r\u00e9volues d\u2019un autre si\u00e8cle ? Le vingti\u00e8me ; toute une \u00e9poque\u2026 celle d\u2019avant le onze septembre, qui d\u00e8s [&hellip;]\" \/>\n<meta property=\"og:url\" content=\"https:\/\/roadtrip.mutuelledesmotards.fr\/carnets-de-voyages-de-ptiluc\/note-de-ptiluc\/\" \/>\n<meta property=\"og:site_name\" content=\"Carnets de voyages de Ptiluc\" \/>\n<meta property=\"article:modified_time\" content=\"2023-08-16T12:25:06+00:00\" \/>\n<meta property=\"og:image\" content=\"https:\/\/roadtrip.mutuelledesmotards.fr\/carnets-de-voyages-de-ptiluc\/wp-content\/uploads\/sites\/2\/2023\/08\/rat-mangeur-de-toile.gif\" \/>\n\t<meta property=\"og:image:width\" content=\"513\" \/>\n\t<meta property=\"og:image:height\" content=\"469\" \/>\n\t<meta property=\"og:image:type\" content=\"image\/gif\" \/>\n<meta name=\"twitter:card\" content=\"summary_large_image\" \/>\n<meta name=\"twitter:site\" content=\"@mutuellemotards\" \/>\n<meta name=\"twitter:label1\" content=\"Dur\u00e9e de lecture estim\u00e9e\" \/>\n\t<meta name=\"twitter:data1\" content=\"6 minutes\" \/>\n<script type=\"application\/ld+json\" class=\"yoast-schema-graph\">{\"@context\":\"https:\/\/schema.org\",\"@graph\":[{\"@type\":\"WebPage\",\"@id\":\"https:\/\/roadtrip.mutuelledesmotards.fr\/carnets-de-voyages-de-ptiluc\/note-de-ptiluc\/\",\"url\":\"https:\/\/roadtrip.mutuelledesmotards.fr\/carnets-de-voyages-de-ptiluc\/note-de-ptiluc\/\",\"name\":\"Note de ptiluc - Carnets de voyages de Ptiluc\",\"isPartOf\":{\"@id\":\"https:\/\/roadtrip.mutuelledesmotards.fr\/carnets-de-voyages-de-ptiluc\/#website\"},\"datePublished\":\"2023-08-07T12:12:59+00:00\",\"dateModified\":\"2023-08-16T12:25:06+00:00\",\"breadcrumb\":{\"@id\":\"https:\/\/roadtrip.mutuelledesmotards.fr\/carnets-de-voyages-de-ptiluc\/note-de-ptiluc\/#breadcrumb\"},\"inLanguage\":\"fr-FR\",\"potentialAction\":[{\"@type\":\"ReadAction\",\"target\":[\"https:\/\/roadtrip.mutuelledesmotards.fr\/carnets-de-voyages-de-ptiluc\/note-de-ptiluc\/\"]}]},{\"@type\":\"BreadcrumbList\",\"@id\":\"https:\/\/roadtrip.mutuelledesmotards.fr\/carnets-de-voyages-de-ptiluc\/note-de-ptiluc\/#breadcrumb\",\"itemListElement\":[{\"@type\":\"ListItem\",\"position\":1,\"name\":\"Accueil\",\"item\":\"https:\/\/roadtrip.mutuelledesmotards.fr\/carnets-de-voyages-de-ptiluc\/\"},{\"@type\":\"ListItem\",\"position\":2,\"name\":\"Note de ptiluc\"}]},{\"@type\":\"WebSite\",\"@id\":\"https:\/\/roadtrip.mutuelledesmotards.fr\/carnets-de-voyages-de-ptiluc\/#website\",\"url\":\"https:\/\/roadtrip.mutuelledesmotards.fr\/carnets-de-voyages-de-ptiluc\/\",\"name\":\"Carnets de voyages de Ptiluc\",\"description\":\"\",\"publisher\":{\"@id\":\"https:\/\/roadtrip.mutuelledesmotards.fr\/carnets-de-voyages-de-ptiluc\/#\/schema\/person\/51cfb82887ae662906f06990d5eb53d1\"},\"potentialAction\":[{\"@type\":\"SearchAction\",\"target\":{\"@type\":\"EntryPoint\",\"urlTemplate\":\"https:\/\/roadtrip.mutuelledesmotards.fr\/carnets-de-voyages-de-ptiluc\/?s={search_term_string}\"},\"query-input\":{\"@type\":\"PropertyValueSpecification\",\"valueRequired\":true,\"valueName\":\"search_term_string\"}}],\"inLanguage\":\"fr-FR\"},{\"@type\":[\"Person\",\"Organization\"],\"@id\":\"https:\/\/roadtrip.mutuelledesmotards.fr\/carnets-de-voyages-de-ptiluc\/#\/schema\/person\/51cfb82887ae662906f06990d5eb53d1\",\"name\":\"ptiluc\",\"image\":{\"@type\":\"ImageObject\",\"inLanguage\":\"fr-FR\",\"@id\":\"https:\/\/roadtrip.mutuelledesmotards.fr\/carnets-de-voyages-de-ptiluc\/#\/schema\/person\/image\/\",\"url\":\"https:\/\/roadtrip.mutuelledesmotards.fr\/carnets-de-voyages-de-ptiluc\/wp-content\/uploads\/sites\/2\/2023\/08\/rat-mangeur-de-toile.gif\",\"contentUrl\":\"https:\/\/roadtrip.mutuelledesmotards.fr\/carnets-de-voyages-de-ptiluc\/wp-content\/uploads\/sites\/2\/2023\/08\/rat-mangeur-de-toile.gif\",\"width\":513,\"height\":469,\"caption\":\"ptiluc\"},\"logo\":{\"@id\":\"https:\/\/roadtrip.mutuelledesmotards.fr\/carnets-de-voyages-de-ptiluc\/#\/schema\/person\/image\/\"}}]}<\/script>\n<!-- \/ Yoast SEO plugin. -->","yoast_head_json":{"title":"Note de ptiluc - Carnets de voyages de Ptiluc","robots":{"index":"index","follow":"follow","max-snippet":"max-snippet:-1","max-image-preview":"max-image-preview:large","max-video-preview":"max-video-preview:-1"},"canonical":"https:\/\/roadtrip.mutuelledesmotards.fr\/carnets-de-voyages-de-ptiluc\/note-de-ptiluc\/","og_locale":"fr_FR","og_type":"article","og_title":"Note de ptiluc - Carnets de voyages de Ptiluc","og_description":"Le si\u00e8cle n\u2019est plus le m\u00eame. Sans dec, lecteur, t\u2019avais pas remarqu\u00e9 ? Que s\u2019est-il pass\u00e9 pour qu\u2019on se mette \u00e0 devoir reconsid\u00e9rer tout ce qu\u2019on a connu, tout ce qu\u2019on a cru \u00e9ternel, comme des fac\u00e9ties r\u00e9volues d\u2019un autre si\u00e8cle ? Le vingti\u00e8me ; toute une \u00e9poque\u2026 celle d\u2019avant le onze septembre, qui d\u00e8s [&hellip;]","og_url":"https:\/\/roadtrip.mutuelledesmotards.fr\/carnets-de-voyages-de-ptiluc\/note-de-ptiluc\/","og_site_name":"Carnets de voyages de Ptiluc","article_modified_time":"2023-08-16T12:25:06+00:00","og_image":[{"width":513,"height":469,"url":"https:\/\/roadtrip.mutuelledesmotards.fr\/carnets-de-voyages-de-ptiluc\/wp-content\/uploads\/sites\/2\/2023\/08\/rat-mangeur-de-toile.gif","type":"image\/gif"}],"twitter_card":"summary_large_image","twitter_site":"@mutuellemotards","twitter_misc":{"Dur\u00e9e de lecture estim\u00e9e":"6 minutes"},"schema":{"@context":"https:\/\/schema.org","@graph":[{"@type":"WebPage","@id":"https:\/\/roadtrip.mutuelledesmotards.fr\/carnets-de-voyages-de-ptiluc\/note-de-ptiluc\/","url":"https:\/\/roadtrip.mutuelledesmotards.fr\/carnets-de-voyages-de-ptiluc\/note-de-ptiluc\/","name":"Note de ptiluc - Carnets de voyages de Ptiluc","isPartOf":{"@id":"https:\/\/roadtrip.mutuelledesmotards.fr\/carnets-de-voyages-de-ptiluc\/#website"},"datePublished":"2023-08-07T12:12:59+00:00","dateModified":"2023-08-16T12:25:06+00:00","breadcrumb":{"@id":"https:\/\/roadtrip.mutuelledesmotards.fr\/carnets-de-voyages-de-ptiluc\/note-de-ptiluc\/#breadcrumb"},"inLanguage":"fr-FR","potentialAction":[{"@type":"ReadAction","target":["https:\/\/roadtrip.mutuelledesmotards.fr\/carnets-de-voyages-de-ptiluc\/note-de-ptiluc\/"]}]},{"@type":"BreadcrumbList","@id":"https:\/\/roadtrip.mutuelledesmotards.fr\/carnets-de-voyages-de-ptiluc\/note-de-ptiluc\/#breadcrumb","itemListElement":[{"@type":"ListItem","position":1,"name":"Accueil","item":"https:\/\/roadtrip.mutuelledesmotards.fr\/carnets-de-voyages-de-ptiluc\/"},{"@type":"ListItem","position":2,"name":"Note de ptiluc"}]},{"@type":"WebSite","@id":"https:\/\/roadtrip.mutuelledesmotards.fr\/carnets-de-voyages-de-ptiluc\/#website","url":"https:\/\/roadtrip.mutuelledesmotards.fr\/carnets-de-voyages-de-ptiluc\/","name":"Carnets de voyages de Ptiluc","description":"","publisher":{"@id":"https:\/\/roadtrip.mutuelledesmotards.fr\/carnets-de-voyages-de-ptiluc\/#\/schema\/person\/51cfb82887ae662906f06990d5eb53d1"},"potentialAction":[{"@type":"SearchAction","target":{"@type":"EntryPoint","urlTemplate":"https:\/\/roadtrip.mutuelledesmotards.fr\/carnets-de-voyages-de-ptiluc\/?s={search_term_string}"},"query-input":{"@type":"PropertyValueSpecification","valueRequired":true,"valueName":"search_term_string"}}],"inLanguage":"fr-FR"},{"@type":["Person","Organization"],"@id":"https:\/\/roadtrip.mutuelledesmotards.fr\/carnets-de-voyages-de-ptiluc\/#\/schema\/person\/51cfb82887ae662906f06990d5eb53d1","name":"ptiluc","image":{"@type":"ImageObject","inLanguage":"fr-FR","@id":"https:\/\/roadtrip.mutuelledesmotards.fr\/carnets-de-voyages-de-ptiluc\/#\/schema\/person\/image\/","url":"https:\/\/roadtrip.mutuelledesmotards.fr\/carnets-de-voyages-de-ptiluc\/wp-content\/uploads\/sites\/2\/2023\/08\/rat-mangeur-de-toile.gif","contentUrl":"https:\/\/roadtrip.mutuelledesmotards.fr\/carnets-de-voyages-de-ptiluc\/wp-content\/uploads\/sites\/2\/2023\/08\/rat-mangeur-de-toile.gif","width":513,"height":469,"caption":"ptiluc"},"logo":{"@id":"https:\/\/roadtrip.mutuelledesmotards.fr\/carnets-de-voyages-de-ptiluc\/#\/schema\/person\/image\/"}}]}},"_links":{"self":[{"href":"https:\/\/roadtrip.mutuelledesmotards.fr\/carnets-de-voyages-de-ptiluc\/wp-json\/wp\/v2\/pages\/1075","targetHints":{"allow":["GET"]}}],"collection":[{"href":"https:\/\/roadtrip.mutuelledesmotards.fr\/carnets-de-voyages-de-ptiluc\/wp-json\/wp\/v2\/pages"}],"about":[{"href":"https:\/\/roadtrip.mutuelledesmotards.fr\/carnets-de-voyages-de-ptiluc\/wp-json\/wp\/v2\/types\/page"}],"author":[{"embeddable":true,"href":"https:\/\/roadtrip.mutuelledesmotards.fr\/carnets-de-voyages-de-ptiluc\/wp-json\/wp\/v2\/users\/1"}],"replies":[{"embeddable":true,"href":"https:\/\/roadtrip.mutuelledesmotards.fr\/carnets-de-voyages-de-ptiluc\/wp-json\/wp\/v2\/comments?post=1075"}],"version-history":[{"count":2,"href":"https:\/\/roadtrip.mutuelledesmotards.fr\/carnets-de-voyages-de-ptiluc\/wp-json\/wp\/v2\/pages\/1075\/revisions"}],"predecessor-version":[{"id":1490,"href":"https:\/\/roadtrip.mutuelledesmotards.fr\/carnets-de-voyages-de-ptiluc\/wp-json\/wp\/v2\/pages\/1075\/revisions\/1490"}],"wp:attachment":[{"href":"https:\/\/roadtrip.mutuelledesmotards.fr\/carnets-de-voyages-de-ptiluc\/wp-json\/wp\/v2\/media?parent=1075"}],"curies":[{"name":"wp","href":"https:\/\/api.w.org\/{rel}","templated":true}]}}